{"id":3265,"date":"2022-03-17T07:49:42","date_gmt":"2022-03-17T10:49:42","guid":{"rendered":"https:\/\/solarisclinicaudi.com.br\/?page_id=3265"},"modified":"2022-03-17T11:25:01","modified_gmt":"2022-03-17T14:25:01","slug":"depilacao-a-laser-face","status":"publish","type":"page","link":"https:\/\/solarisclinicaudi.com.br\/index.php\/depilacao-a-laser-face\/","title":{"rendered":"Depila\u00e7\u00e3o a Laser"},"content":{"rendered":"\t\t<div data-elementor-type=\"wp-page\" data-elementor-id=\"3265\" class=\"elementor elementor-3265\">\n\t\t\t\t\t\t<section class=\"elementor-section elementor-top-section elementor-element elementor-element-ebd5302 elementor-section-full_width elementor-section-height-min-height elementor-section-stretched elementor-section-height-default elementor-section-items-middle\" data-id=\"ebd5302\" data-element_type=\"section\" data-e-type=\"section\" data-settings=\"{&quot;stretch_section&quot;:&quot;section-stretched&quot;,&quot;background_background&quot;:&quot;classic&quot;}\">\n\t\t\t\t\t\t<div class=\"elementor-container elementor-column-gap-no\">\n\t\t\t\t\t<div class=\"elementor-column elementor-col-100 elementor-top-column elementor-element elementor-element-1082ac0e\" data-id=\"1082ac0e\" data-element_type=\"column\" data-e-type=\"column\">\n\t\t\t<div class=\"elementor-widget-wrap elementor-element-populated\">\n\t\t\t\t\t\t<section class=\"elementor-section elementor-inner-section elementor-element elementor-element-4a399f03 elementor-section-full_width elementor-section-height-default elementor-section-height-default\" data-id=\"4a399f03\" data-element_type=\"section\" data-e-type=\"section\">\n\t\t\t\t\t\t<div class=\"elementor-container elementor-column-gap-no\">\n\t\t\t\t\t<div class=\"elementor-column elementor-col-50 elementor-inner-column elementor-element elementor-element-7f847ebf\" data-id=\"7f847ebf\" data-element_type=\"column\" data-e-type=\"column\">\n\t\t\t<div class=\"elementor-widget-wrap\">\n\t\t\t\t\t\t\t<\/div>\n\t\t<\/div>\n\t\t\t\t<div class=\"elementor-column elementor-col-50 elementor-inner-column elementor-element elementor-element-8701b91\" data-id=\"8701b91\" data-element_type=\"column\" data-e-type=\"column\" data-settings=\"{&quot;background_background&quot;:&quot;classic&quot;}\">\n\t\t\t<div class=\"elementor-widget-wrap elementor-element-populated\">\n\t\t\t\t\t\t<div class=\"elementor-element elementor-element-5f47ec05 elementor-widget elementor-widget-heading\" data-id=\"5f47ec05\" data-element_type=\"widget\" data-e-type=\"widget\" data-widget_type=\"heading.default\">\n\t\t\t\t<div class=\"elementor-widget-container\">\n\t\t\t\t\t<h2 class=\"elementor-heading-title elementor-size-default\">Depila\u00e7\u00e3o a Laser<\/h2>\t\t\t\t<\/div>\n\t\t\t\t<\/div>\n\t\t\t\t\t<\/div>\n\t\t<\/div>\n\t\t\t\t\t<\/div>\n\t\t<\/section>\n\t\t\t\t\t<\/div>\n\t\t<\/div>\n\t\t\t\t\t<\/div>\n\t\t<\/section>\n\t\t\t\t<section class=\"elementor-section elementor-top-section elementor-element elementor-element-8ff0450 elementor-section-full_width elementor-section-content-middle elementor-section-stretched elementor-section-height-default elementor-section-height-default\" data-id=\"8ff0450\" data-element_type=\"section\" data-e-type=\"section\" data-settings=\"{&quot;stretch_section&quot;:&quot;section-stretched&quot;,&quot;background_background&quot;:&quot;classic&quot;}\">\n\t\t\t\t\t\t<div class=\"elementor-container elementor-column-gap-no\">\n\t\t\t\t\t<div class=\"elementor-column elementor-col-100 elementor-top-column elementor-element elementor-element-37d5d180\" data-id=\"37d5d180\" data-element_type=\"column\" data-e-type=\"column\">\n\t\t\t<div class=\"elementor-widget-wrap elementor-element-populated\">\n\t\t\t\t\t\t<div class=\"elementor-element elementor-element-ff05514 elementor-widget elementor-widget-spacer\" data-id=\"ff05514\" data-element_type=\"widget\" data-e-type=\"widget\" data-widget_type=\"spacer.default\">\n\t\t\t\t<div class=\"elementor-widget-container\">\n\t\t\t\t\t\t\t<div class=\"elementor-spacer\">\n\t\t\t<div class=\"elementor-spacer-inner\"><\/div>\n\t\t<\/div>\n\t\t\t\t\t\t<\/div>\n\t\t\t\t<\/div>\n\t\t\t\t<div class=\"elementor-element elementor-element-1ea5d873 elementor-invisible elementor-widget elementor-widget-text-editor\" data-id=\"1ea5d873\" data-element_type=\"widget\" data-e-type=\"widget\" data-settings=\"{&quot;_animation&quot;:&quot;fadeInUp&quot;}\" data-widget_type=\"text-editor.default\">\n\t\t\t\t<div class=\"elementor-widget-container\">\n\t\t\t\t\t\t\t\t\t<p>cl\u00ednica solaris medicina e est\u00e9tica<\/p>\t\t\t\t\t\t\t\t<\/div>\n\t\t\t\t<\/div>\n\t\t\t\t<div class=\"elementor-element elementor-element-23caf16 elementor-invisible elementor-widget elementor-widget-heading\" data-id=\"23caf16\" data-element_type=\"widget\" data-e-type=\"widget\" data-settings=\"{&quot;_animation&quot;:&quot;fadeInUp&quot;}\" data-widget_type=\"heading.default\">\n\t\t\t\t<div class=\"elementor-widget-container\">\n\t\t\t\t\t<h2 class=\"elementor-heading-title elementor-size-default\">Depila\u00e7\u00e3o a Laser<\/h2>\t\t\t\t<\/div>\n\t\t\t\t<\/div>\n\t\t\t\t<div class=\"elementor-element elementor-element-6f9e8276 elementor-widget__width-initial elementor-widget-tablet__width-inherit elementor-invisible elementor-widget elementor-widget-text-editor\" data-id=\"6f9e8276\" data-element_type=\"widget\" data-e-type=\"widget\" data-settings=\"{&quot;_animation&quot;:&quot;fadeInUp&quot;}\" data-widget_type=\"text-editor.default\">\n\t\t\t\t<div class=\"elementor-widget-container\">\n\t\t\t\t\t\t\t\t\t<p>Depila\u00e7\u00e3o a laser \u00e9 um tratamento est\u00e9tico que utiliza feixes de laser para remover os pelos indesejados, impedindo que, em um espa\u00e7o maior de tempo, os fol\u00edculos produzam novos fios e resultando em uma pele mais lisa e bonita.<\/p>\n<p>\u00c9 indicada para pessoas com crescimento acelerado dos pelos, foliculite, homens com barba cerrada (espessa), pelos encravados ou quem deseja eliminar os pelos esteticamente. \u00c9 recomend\u00e1vel que se entre ao menos na puberdade antes de iniciar um procedimento de depila\u00e7\u00e3o como este.<\/p>\n<p>A depila\u00e7\u00e3o a laser n\u00e3o \u00e9 indicada para portadores de&nbsp;<span style=\"color: var(--oworganic-text-color); font-family: var(--oworganic-main-font), Helvetica, Arial, sans-serif; font-weight: var(--oworganic-main-font-weight);\">marca-passo, mulheres gr\u00e1vidas ou que est\u00e3o em processo de amamenta\u00e7\u00e3o. Este procedimento tamb\u00e9m n\u00e3o pode ser aplicado em mucosas ou em pessoas com doen\u00e7as de pele, como vitiligo ou c\u00e2ncer.<\/span><\/p>\n<p><span style=\"color: var(--oworganic-text-color); font-family: var(--oworganic-main-font), Helvetica, Arial, sans-serif; font-weight: var(--oworganic-main-font-weight);\">Os clientes s\u00e3o instru\u00eddos a cortarem os pelos com l\u00e2mina de barbear previamente \u00e0 sess\u00e3o (de 2 a 3 dias antes), caso contr\u00e1rio ser\u00e3o raspados imediatamente. Essa quest\u00e3o \u00e9 vari\u00e1vel quanto ao equipamento utilizado. Na sess\u00e3o, a onda do laser \u00e9 atra\u00edda pelo pigmento preto, que age como um condutor, levando o calor at\u00e9 a sua matriz, destruindo-o por completo. Sendo assim, o procedimento tem pouco efeito sobre os fios claros, que n\u00e3o se aquecem o suficiente para serem destru\u00eddos.<\/span><\/p>\n<p><span style=\"color: var(--oworganic-text-color); font-family: var(--oworganic-main-font), Helvetica, Arial, sans-serif; font-weight: var(--oworganic-main-font-weight);\">A sess\u00e3o de depila\u00e7\u00e3o a laser pode variar dependendo da \u00e1rea tratada. Para um resultado completo, o tempo aproximado \u00e9 de 8 sess\u00f5es, dependendo da resposta do cliente ao tratamento.<\/span><\/p>\n<p><span style=\"color: var(--oworganic-text-color); font-family: var(--oworganic-main-font), Helvetica, Arial, sans-serif; font-weight: var(--oworganic-main-font-weight);\">\u00c9 importante que o cliente evite bronzear a \u00e1rea depilada durante o tratamento e use filtro solar diariamente com fator m\u00ednimo de 30 FPS. \u00c9 indicado que o cliente respeite os intervalos m\u00ednimos entre as sess\u00f5es para que n\u00e3o haja fotossensibilidade e use roupas confort\u00e1veis e leves no dia da aplica\u00e7\u00e3o.<\/span><\/p>\t\t\t\t\t\t\t\t<\/div>\n\t\t\t\t<\/div>\n\t\t\t\t\t<\/div>\n\t\t<\/div>\n\t\t\t\t\t<\/div>\n\t\t<\/section>\n\t\t\t\t<section class=\"elementor-section elementor-top-section elementor-element elementor-element-6cde2770 elementor-section-stretched elementor-section-boxed elementor-section-height-default elementor-section-height-default\" data-id=\"6cde2770\" data-element_type=\"section\" data-e-type=\"section\" id=\"tratamento-medico\" data-settings=\"{&quot;stretch_section&quot;:&quot;section-stretched&quot;}\">\n\t\t\t\t\t\t<div class=\"elementor-container elementor-column-gap-extended\">\n\t\t\t\t\t<div class=\"elementor-column elementor-col-100 elementor-top-column elementor-element elementor-element-40026bbf\" data-id=\"40026bbf\" data-element_type=\"column\" data-e-type=\"column\">\n\t\t\t<div class=\"elementor-widget-wrap elementor-element-populated\">\n\t\t\t\t\t\t<div class=\"elementor-element elementor-element-e91ef7d elementor-invisible elementor-widget elementor-widget-text-editor\" data-id=\"e91ef7d\" data-element_type=\"widget\" data-e-type=\"widget\" data-settings=\"{&quot;_animation&quot;:&quot;fadeInUp&quot;}\" data-widget_type=\"text-editor.default\">\n\t\t\t\t<div class=\"elementor-widget-container\">\n\t\t\t\t\t\t\t\t\t<p>Selecione o tratamento e saiba mais&#8230;<\/p>\t\t\t\t\t\t\t\t<\/div>\n\t\t\t\t<\/div>\n\t\t\t\t<div class=\"elementor-element elementor-element-7f2fca5 elementor-invisible elementor-widget elementor-widget-heading\" data-id=\"7f2fca5\" data-element_type=\"widget\" data-e-type=\"widget\" data-settings=\"{&quot;_animation&quot;:&quot;fadeInUp&quot;}\" data-widget_type=\"heading.default\">\n\t\t\t\t<div class=\"elementor-widget-container\">\n\t\t\t\t\t<h2 class=\"elementor-heading-title elementor-size-default\">Tratamentos Faciais<\/h2>\t\t\t\t<\/div>\n\t\t\t\t<\/div>\n\t\t\t\t<div class=\"elementor-element elementor-element-43bc8f0 elementor-widget elementor-widget-spacer\" data-id=\"43bc8f0\" data-element_type=\"widget\" data-e-type=\"widget\" data-widget_type=\"spacer.default\">\n\t\t\t\t<div class=\"elementor-widget-container\">\n\t\t\t\t\t\t\t<div class=\"elementor-spacer\">\n\t\t\t<div class=\"elementor-spacer-inner\"><\/div>\n\t\t<\/div>\n\t\t\t\t\t\t<\/div>\n\t\t\t\t<\/div>\n\t\t\t\t<div class=\"elementor-element elementor-element-694e6788 elementor-widget elementor-widget-apus_element_features_box\" data-id=\"694e6788\" data-element_type=\"widget\" data-e-type=\"widget\" data-settings=\"{&quot;columns&quot;:&quot;5&quot;,&quot;slides_to_scroll&quot;:&quot;1&quot;}\" data-widget_type=\"apus_element_features_box.default\">\n\t\t\t\t<div class=\"elementor-widget-container\">\n\t\t\t\t\t            <div class=\"widget-features-box \">\n                                    \n                    <div class=\"slick-carousel \"\n                         data-items=\"5\" data-smallmedium=\"2\" data-extrasmall=\"1\" data-slidestoscroll=\"1\" data-slidestoscroll_smallmedium=\"2\" data-slidestoscroll_extrasmall=\"1\" data-pagination=\"false\" data-nav=\"true\" data-infinite=\"true\" data-autoplay=\"true\">\n\n                                                    <div class=\"item\">\n                                <div class=\"item-inner-features style2\">\n\n                                    <div class=\"features-box-image img\"><a href=\"https:\/\/solarisclinicaudi.com.br\/index.php\/depilacao-a-laser-face\/\" target=\"_self\" ><img fetchpriority=\"high\" decoding=\"async\" width=\"850\" height=\"850\" src=\"https:\/\/solarisclinicaudi.com.br\/wp-content\/uploads\/2022\/03\/Depilacao-a-Laser-Clinica-Solaris-Medicina-e-Estetica-Udi-Lion-850x850.jpg\" class=\"attachment-oworganic-shop-large size-oworganic-shop-large wp-image-2982\" alt=\"Depila\u00e7\u00e3o a Laser - Cl\u00ednica Solaris - Medicina e Est\u00e9tica\" srcset=\"https:\/\/solarisclinicaudi.com.br\/wp-content\/uploads\/2022\/03\/Depilacao-a-Laser-Clinica-Solaris-Medicina-e-Estetica-Udi-Lion-850x850.jpg 850w, https:\/\/solarisclinicaudi.com.br\/wp-content\/uploads\/2022\/03\/Depilacao-a-Laser-Clinica-Solaris-Medicina-e-Estetica-Udi-Lion-300x300.jpg 300w, https:\/\/solarisclinicaudi.com.br\/wp-content\/uploads\/2022\/03\/Depilacao-a-Laser-Clinica-Solaris-Medicina-e-Estetica-Udi-Lion-170x170.jpg 170w, https:\/\/solarisclinicaudi.com.br\/wp-content\/uploads\/2022\/03\/Depilacao-a-Laser-Clinica-Solaris-Medicina-e-Estetica-Udi-Lion-150x150.jpg 150w, https:\/\/solarisclinicaudi.com.br\/wp-content\/uploads\/2022\/03\/Depilacao-a-Laser-Clinica-Solaris-Medicina-e-Estetica-Udi-Lion-410x410.jpg 410w\" sizes=\"(max-width: 850px) 100vw, 850px\" \/><\/a><\/div><div class=\"features-box-content\"><a href=\"https:\/\/solarisclinicaudi.com.br\/index.php\/depilacao-a-laser-face\/\" target=\"_self\" ><h3 class=\"title\">Depila\u00e7\u00e3o a Laser<\/h3><\/a><\/div>\n                                <\/div>\n                            <\/div>\n                                                    <div class=\"item\">\n                                <div class=\"item-inner-features style2\">\n\n                                    <div class=\"features-box-image img\"><a href=\"https:\/\/solarisclinicaudi.com.br\/index.php\/depilacao-egipcia\/\" target=\"_self\" ><img decoding=\"async\" width=\"850\" height=\"850\" src=\"https:\/\/solarisclinicaudi.com.br\/wp-content\/uploads\/2022\/03\/Depilacao-Egipcia-Clinica-Solaris-Medicina-e-Estetica-Udi-Lion-850x850.jpg\" class=\"attachment-oworganic-shop-large size-oworganic-shop-large wp-image-3013\" alt=\"Depila\u00e7\u00e3o Eg\u00edpcia - Cl\u00ednica Solaris - Medicina e Est\u00e9tica\" srcset=\"https:\/\/solarisclinicaudi.com.br\/wp-content\/uploads\/2022\/03\/Depilacao-Egipcia-Clinica-Solaris-Medicina-e-Estetica-Udi-Lion-850x850.jpg 850w, https:\/\/solarisclinicaudi.com.br\/wp-content\/uploads\/2022\/03\/Depilacao-Egipcia-Clinica-Solaris-Medicina-e-Estetica-Udi-Lion-300x300.jpg 300w, https:\/\/solarisclinicaudi.com.br\/wp-content\/uploads\/2022\/03\/Depilacao-Egipcia-Clinica-Solaris-Medicina-e-Estetica-Udi-Lion-170x170.jpg 170w, https:\/\/solarisclinicaudi.com.br\/wp-content\/uploads\/2022\/03\/Depilacao-Egipcia-Clinica-Solaris-Medicina-e-Estetica-Udi-Lion-150x150.jpg 150w, https:\/\/solarisclinicaudi.com.br\/wp-content\/uploads\/2022\/03\/Depilacao-Egipcia-Clinica-Solaris-Medicina-e-Estetica-Udi-Lion-410x410.jpg 410w\" sizes=\"(max-width: 850px) 100vw, 850px\" \/><\/a><\/div><div class=\"features-box-content\"><a href=\"https:\/\/solarisclinicaudi.com.br\/index.php\/depilacao-egipcia\/\" target=\"_self\" ><h3 class=\"title\">Depila\u00e7\u00e3o Eg\u00edpcia<\/h3><\/a><\/div>\n                                <\/div>\n                            <\/div>\n                                                    <div class=\"item\">\n                                <div class=\"item-inner-features style2\">\n\n                                    <div class=\"features-box-image img\"><a href=\"https:\/\/solarisclinicaudi.com.br\/index.php\/design-de-sobrancelha\/\" target=\"_self\" ><img decoding=\"async\" width=\"850\" height=\"850\" src=\"https:\/\/solarisclinicaudi.com.br\/wp-content\/uploads\/2022\/03\/Design-de-Sobrancelha-Clinica-Solaris-Medicina-e-Estetica-Udi-Lion-850x850.jpg\" class=\"attachment-oworganic-shop-large size-oworganic-shop-large wp-image-2985\" alt=\"Design de Sobrancelha - Cl\u00ednica Solaris - Medicina e Est\u00e9tica\" srcset=\"https:\/\/solarisclinicaudi.com.br\/wp-content\/uploads\/2022\/03\/Design-de-Sobrancelha-Clinica-Solaris-Medicina-e-Estetica-Udi-Lion-850x850.jpg 850w, https:\/\/solarisclinicaudi.com.br\/wp-content\/uploads\/2022\/03\/Design-de-Sobrancelha-Clinica-Solaris-Medicina-e-Estetica-Udi-Lion-300x300.jpg 300w, https:\/\/solarisclinicaudi.com.br\/wp-content\/uploads\/2022\/03\/Design-de-Sobrancelha-Clinica-Solaris-Medicina-e-Estetica-Udi-Lion-170x170.jpg 170w, https:\/\/solarisclinicaudi.com.br\/wp-content\/uploads\/2022\/03\/Design-de-Sobrancelha-Clinica-Solaris-Medicina-e-Estetica-Udi-Lion-150x150.jpg 150w, https:\/\/solarisclinicaudi.com.br\/wp-content\/uploads\/2022\/03\/Design-de-Sobrancelha-Clinica-Solaris-Medicina-e-Estetica-Udi-Lion-410x410.jpg 410w\" sizes=\"(max-width: 850px) 100vw, 850px\" \/><\/a><\/div><div class=\"features-box-content\"><a href=\"https:\/\/solarisclinicaudi.com.br\/index.php\/design-de-sobrancelha\/\" target=\"_self\" ><h3 class=\"title\">Design de Sobrancelha<\/h3><\/a><\/div>\n                                <\/div>\n                            <\/div>\n                                                    <div class=\"item\">\n                                <div class=\"item-inner-features style2\">\n\n                                    <div class=\"features-box-image img\"><a href=\"https:\/\/solarisclinicaudi.com.br\/index.php\/drenagem-facial\/\" target=\"_self\" ><img loading=\"lazy\" decoding=\"async\" width=\"850\" height=\"850\" src=\"https:\/\/solarisclinicaudi.com.br\/wp-content\/uploads\/2022\/03\/Drenagem-Facial-Clinica-Solaris-Medicina-e-Estetica-Udi-Lion-850x850.jpg\" class=\"attachment-oworganic-shop-large size-oworganic-shop-large wp-image-2986\" alt=\"Drenagem Facial - Cl\u00ednica Solaris - Medicina e Est\u00e9tica\" srcset=\"https:\/\/solarisclinicaudi.com.br\/wp-content\/uploads\/2022\/03\/Drenagem-Facial-Clinica-Solaris-Medicina-e-Estetica-Udi-Lion-850x850.jpg 850w, https:\/\/solarisclinicaudi.com.br\/wp-content\/uploads\/2022\/03\/Drenagem-Facial-Clinica-Solaris-Medicina-e-Estetica-Udi-Lion-300x300.jpg 300w, https:\/\/solarisclinicaudi.com.br\/wp-content\/uploads\/2022\/03\/Drenagem-Facial-Clinica-Solaris-Medicina-e-Estetica-Udi-Lion-170x170.jpg 170w, https:\/\/solarisclinicaudi.com.br\/wp-content\/uploads\/2022\/03\/Drenagem-Facial-Clinica-Solaris-Medicina-e-Estetica-Udi-Lion-150x150.jpg 150w, https:\/\/solarisclinicaudi.com.br\/wp-content\/uploads\/2022\/03\/Drenagem-Facial-Clinica-Solaris-Medicina-e-Estetica-Udi-Lion-410x410.jpg 410w\" sizes=\"(max-width: 850px) 100vw, 850px\" \/><\/a><\/div><div class=\"features-box-content\"><a href=\"https:\/\/solarisclinicaudi.com.br\/index.php\/drenagem-facial\/\" target=\"_self\" ><h3 class=\"title\">Drenagem Facial<\/h3><\/a><\/div>\n                                <\/div>\n                            <\/div>\n                                                    <div class=\"item\">\n                                <div class=\"item-inner-features style2\">\n\n                                    <div class=\"features-box-image img\"><a href=\"https:\/\/solarisclinicaudi.com.br\/index.php\/limpeza-de-pele\/\" target=\"_self\" ><img loading=\"lazy\" decoding=\"async\" width=\"850\" height=\"850\" src=\"https:\/\/solarisclinicaudi.com.br\/wp-content\/uploads\/2022\/03\/Limpeza-de-Pele-Clinica-Solaris-Medicina-e-Estetica-Udi-Lion-850x850.jpg\" class=\"attachment-oworganic-shop-large size-oworganic-shop-large wp-image-2987\" alt=\"\" srcset=\"https:\/\/solarisclinicaudi.com.br\/wp-content\/uploads\/2022\/03\/Limpeza-de-Pele-Clinica-Solaris-Medicina-e-Estetica-Udi-Lion-850x850.jpg 850w, https:\/\/solarisclinicaudi.com.br\/wp-content\/uploads\/2022\/03\/Limpeza-de-Pele-Clinica-Solaris-Medicina-e-Estetica-Udi-Lion-300x300.jpg 300w, https:\/\/solarisclinicaudi.com.br\/wp-content\/uploads\/2022\/03\/Limpeza-de-Pele-Clinica-Solaris-Medicina-e-Estetica-Udi-Lion-170x170.jpg 170w, https:\/\/solarisclinicaudi.com.br\/wp-content\/uploads\/2022\/03\/Limpeza-de-Pele-Clinica-Solaris-Medicina-e-Estetica-Udi-Lion-150x150.jpg 150w, https:\/\/solarisclinicaudi.com.br\/wp-content\/uploads\/2022\/03\/Limpeza-de-Pele-Clinica-Solaris-Medicina-e-Estetica-Udi-Lion-410x410.jpg 410w\" sizes=\"(max-width: 850px) 100vw, 850px\" \/><\/a><\/div><div class=\"features-box-content\"><a href=\"https:\/\/solarisclinicaudi.com.br\/index.php\/limpeza-de-pele\/\" target=\"_self\" ><h3 class=\"title\">Limpeza de Pele<\/h3><\/a><\/div>\n                                <\/div>\n                            <\/div>\n                                                    <div class=\"item\">\n                                <div class=\"item-inner-features style2\">\n\n                                    <div class=\"features-box-image img\"><a href=\"https:\/\/solarisclinicaudi.com.br\/index.php\/mascara-de-led\/\" target=\"_self\" ><img loading=\"lazy\" decoding=\"async\" width=\"850\" height=\"850\" src=\"https:\/\/solarisclinicaudi.com.br\/wp-content\/uploads\/2022\/03\/Mascara-de-LED-Clinica-Solaris-Medicina-e-Estetica-Udi-Lion-850x850.jpg\" class=\"attachment-oworganic-shop-large size-oworganic-shop-large wp-image-2991\" alt=\"\" srcset=\"https:\/\/solarisclinicaudi.com.br\/wp-content\/uploads\/2022\/03\/Mascara-de-LED-Clinica-Solaris-Medicina-e-Estetica-Udi-Lion-850x850.jpg 850w, https:\/\/solarisclinicaudi.com.br\/wp-content\/uploads\/2022\/03\/Mascara-de-LED-Clinica-Solaris-Medicina-e-Estetica-Udi-Lion-300x300.jpg 300w, https:\/\/solarisclinicaudi.com.br\/wp-content\/uploads\/2022\/03\/Mascara-de-LED-Clinica-Solaris-Medicina-e-Estetica-Udi-Lion-170x170.jpg 170w, https:\/\/solarisclinicaudi.com.br\/wp-content\/uploads\/2022\/03\/Mascara-de-LED-Clinica-Solaris-Medicina-e-Estetica-Udi-Lion-150x150.jpg 150w, https:\/\/solarisclinicaudi.com.br\/wp-content\/uploads\/2022\/03\/Mascara-de-LED-Clinica-Solaris-Medicina-e-Estetica-Udi-Lion-410x410.jpg 410w\" sizes=\"(max-width: 850px) 100vw, 850px\" \/><\/a><\/div><div class=\"features-box-content\"><a href=\"https:\/\/solarisclinicaudi.com.br\/index.php\/mascara-de-led\/\" target=\"_self\" ><h3 class=\"title\">M\u00e1scara de LED<\/h3><\/a><\/div>\n                                <\/div>\n                            <\/div>\n                                                    <div class=\"item\">\n                                <div class=\"item-inner-features style2\">\n\n                                    <div class=\"features-box-image img\"><a href=\"https:\/\/solarisclinicaudi.com.br\/index.php\/micropigmentacao-fio-a-fio\/\" target=\"_self\" ><img loading=\"lazy\" decoding=\"async\" width=\"850\" height=\"850\" src=\"https:\/\/solarisclinicaudi.com.br\/wp-content\/uploads\/2022\/03\/Micropigmentacao-Fio-a-Fio-Clinica-Solaris-Medicina-e-Estetica-Udi-Lion-850x850.jpg\" class=\"attachment-oworganic-shop-large size-oworganic-shop-large wp-image-2992\" alt=\"Micropigmenta\u00e7\u00e3o Fio a Fio - Cl\u00ednica Solaris - Medicina e Est\u00e9tica\" srcset=\"https:\/\/solarisclinicaudi.com.br\/wp-content\/uploads\/2022\/03\/Micropigmentacao-Fio-a-Fio-Clinica-Solaris-Medicina-e-Estetica-Udi-Lion-850x850.jpg 850w, https:\/\/solarisclinicaudi.com.br\/wp-content\/uploads\/2022\/03\/Micropigmentacao-Fio-a-Fio-Clinica-Solaris-Medicina-e-Estetica-Udi-Lion-300x300.jpg 300w, https:\/\/solarisclinicaudi.com.br\/wp-content\/uploads\/2022\/03\/Micropigmentacao-Fio-a-Fio-Clinica-Solaris-Medicina-e-Estetica-Udi-Lion-170x170.jpg 170w, https:\/\/solarisclinicaudi.com.br\/wp-content\/uploads\/2022\/03\/Micropigmentacao-Fio-a-Fio-Clinica-Solaris-Medicina-e-Estetica-Udi-Lion-150x150.jpg 150w, https:\/\/solarisclinicaudi.com.br\/wp-content\/uploads\/2022\/03\/Micropigmentacao-Fio-a-Fio-Clinica-Solaris-Medicina-e-Estetica-Udi-Lion-410x410.jpg 410w\" sizes=\"(max-width: 850px) 100vw, 850px\" \/><\/a><\/div><div class=\"features-box-content\"><a href=\"https:\/\/solarisclinicaudi.com.br\/index.php\/micropigmentacao-fio-a-fio\/\" target=\"_self\" ><h3 class=\"title\">Micropigmenta\u00e7\u00e3o Fio a Fio<\/h3><\/a><\/div>\n                                <\/div>\n                            <\/div>\n                                                    <div class=\"item\">\n                                <div class=\"item-inner-features style2\">\n\n                                    <div class=\"features-box-image img\"><a href=\"https:\/\/solarisclinicaudi.com.br\/index.php\/peeling-de-cristal\/\" target=\"_self\" ><img loading=\"lazy\" decoding=\"async\" width=\"850\" height=\"850\" src=\"https:\/\/solarisclinicaudi.com.br\/wp-content\/uploads\/2022\/03\/Peeling-de-Cristal-Clinica-Solaris-Medicina-e-Estetica-Udi-Lion-850x850.jpg\" class=\"attachment-oworganic-shop-large size-oworganic-shop-large wp-image-2996\" alt=\"\" srcset=\"https:\/\/solarisclinicaudi.com.br\/wp-content\/uploads\/2022\/03\/Peeling-de-Cristal-Clinica-Solaris-Medicina-e-Estetica-Udi-Lion-850x850.jpg 850w, https:\/\/solarisclinicaudi.com.br\/wp-content\/uploads\/2022\/03\/Peeling-de-Cristal-Clinica-Solaris-Medicina-e-Estetica-Udi-Lion-300x300.jpg 300w, https:\/\/solarisclinicaudi.com.br\/wp-content\/uploads\/2022\/03\/Peeling-de-Cristal-Clinica-Solaris-Medicina-e-Estetica-Udi-Lion-170x170.jpg 170w, https:\/\/solarisclinicaudi.com.br\/wp-content\/uploads\/2022\/03\/Peeling-de-Cristal-Clinica-Solaris-Medicina-e-Estetica-Udi-Lion-150x150.jpg 150w, https:\/\/solarisclinicaudi.com.br\/wp-content\/uploads\/2022\/03\/Peeling-de-Cristal-Clinica-Solaris-Medicina-e-Estetica-Udi-Lion-410x410.jpg 410w\" sizes=\"(max-width: 850px) 100vw, 850px\" \/><\/a><\/div><div class=\"features-box-content\"><a href=\"https:\/\/solarisclinicaudi.com.br\/index.php\/peeling-de-cristal\/\" target=\"_self\" ><h3 class=\"title\">Peeling de Cristal<\/h3><\/a><\/div>\n                                <\/div>\n                            <\/div>\n                                                    <div class=\"item\">\n                                <div class=\"item-inner-features style2\">\n\n                                    <div class=\"features-box-image img\"><a href=\"https:\/\/solarisclinicaudi.com.br\/index.php\/peeling-de-diamante\/\" target=\"_self\" ><img loading=\"lazy\" decoding=\"async\" width=\"850\" height=\"850\" src=\"https:\/\/solarisclinicaudi.com.br\/wp-content\/uploads\/2022\/03\/Peeling-de-Diamante-Clinica-Solaris-Medicina-e-Estetica-Udi-Lion-850x850.jpg\" class=\"attachment-oworganic-shop-large size-oworganic-shop-large wp-image-3000\" alt=\"Peeling de Diamante - Cl\u00ednica Solaris - Medicina e Est\u00e9tica\" srcset=\"https:\/\/solarisclinicaudi.com.br\/wp-content\/uploads\/2022\/03\/Peeling-de-Diamante-Clinica-Solaris-Medicina-e-Estetica-Udi-Lion-850x850.jpg 850w, https:\/\/solarisclinicaudi.com.br\/wp-content\/uploads\/2022\/03\/Peeling-de-Diamante-Clinica-Solaris-Medicina-e-Estetica-Udi-Lion-300x300.jpg 300w, https:\/\/solarisclinicaudi.com.br\/wp-content\/uploads\/2022\/03\/Peeling-de-Diamante-Clinica-Solaris-Medicina-e-Estetica-Udi-Lion-170x170.jpg 170w, https:\/\/solarisclinicaudi.com.br\/wp-content\/uploads\/2022\/03\/Peeling-de-Diamante-Clinica-Solaris-Medicina-e-Estetica-Udi-Lion-150x150.jpg 150w, https:\/\/solarisclinicaudi.com.br\/wp-content\/uploads\/2022\/03\/Peeling-de-Diamante-Clinica-Solaris-Medicina-e-Estetica-Udi-Lion-410x410.jpg 410w\" sizes=\"(max-width: 850px) 100vw, 850px\" \/><\/a><\/div><div class=\"features-box-content\"><a href=\"https:\/\/solarisclinicaudi.com.br\/index.php\/peeling-de-diamante\/\" target=\"_self\" ><h3 class=\"title\">Peeling de Diamante<\/h3><\/a><\/div>\n                                <\/div>\n                            <\/div>\n                                                    <div class=\"item\">\n                                <div class=\"item-inner-features style2\">\n\n                                    <div class=\"features-box-image img\"><a href=\"https:\/\/solarisclinicaudi.com.br\/index.php\/pos-operatorio-facial\/\" target=\"_self\" ><img loading=\"lazy\" decoding=\"async\" width=\"850\" height=\"850\" src=\"https:\/\/solarisclinicaudi.com.br\/wp-content\/uploads\/2022\/03\/Pos-Operatorio-Clinica-Solaris-Medicina-e-Estetica-Udi-Lion-850x850.jpg\" class=\"attachment-oworganic-shop-large size-oworganic-shop-large wp-image-3004\" alt=\"P\u00f3s Operat\u00f3rio - Cl\u00ednica Solaris - Medicina e Est\u00e9tica\" srcset=\"https:\/\/solarisclinicaudi.com.br\/wp-content\/uploads\/2022\/03\/Pos-Operatorio-Clinica-Solaris-Medicina-e-Estetica-Udi-Lion-850x850.jpg 850w, https:\/\/solarisclinicaudi.com.br\/wp-content\/uploads\/2022\/03\/Pos-Operatorio-Clinica-Solaris-Medicina-e-Estetica-Udi-Lion-300x300.jpg 300w, https:\/\/solarisclinicaudi.com.br\/wp-content\/uploads\/2022\/03\/Pos-Operatorio-Clinica-Solaris-Medicina-e-Estetica-Udi-Lion-170x170.jpg 170w, https:\/\/solarisclinicaudi.com.br\/wp-content\/uploads\/2022\/03\/Pos-Operatorio-Clinica-Solaris-Medicina-e-Estetica-Udi-Lion-150x150.jpg 150w, https:\/\/solarisclinicaudi.com.br\/wp-content\/uploads\/2022\/03\/Pos-Operatorio-Clinica-Solaris-Medicina-e-Estetica-Udi-Lion-410x410.jpg 410w\" sizes=\"(max-width: 850px) 100vw, 850px\" \/><\/a><\/div><div class=\"features-box-content\"><a href=\"https:\/\/solarisclinicaudi.com.br\/index.php\/pos-operatorio-facial\/\" target=\"_self\" ><h3 class=\"title\">P\u00f3s Operat\u00f3rio<\/h3><\/a><\/div>\n                                <\/div>\n                            <\/div>\n                                                    <div class=\"item\">\n                                <div class=\"item-inner-features style2\">\n\n                                    <div class=\"features-box-image img\"><a href=\"https:\/\/solarisclinicaudi.com.br\/index.php\/radiofrequencia\/\" target=\"_self\" ><img loading=\"lazy\" decoding=\"async\" width=\"850\" height=\"850\" src=\"https:\/\/solarisclinicaudi.com.br\/wp-content\/uploads\/2022\/03\/Radiofrequencia-Clinica-Solaris-Medicina-e-Estetica-Udi-Lion-850x850.jpg\" class=\"attachment-oworganic-shop-large size-oworganic-shop-large wp-image-3005\" alt=\"Radiofrequ\u00eancia - Cl\u00ednica Solaris - Medicina e Est\u00e9tica\" srcset=\"https:\/\/solarisclinicaudi.com.br\/wp-content\/uploads\/2022\/03\/Radiofrequencia-Clinica-Solaris-Medicina-e-Estetica-Udi-Lion-850x850.jpg 850w, https:\/\/solarisclinicaudi.com.br\/wp-content\/uploads\/2022\/03\/Radiofrequencia-Clinica-Solaris-Medicina-e-Estetica-Udi-Lion-300x300.jpg 300w, https:\/\/solarisclinicaudi.com.br\/wp-content\/uploads\/2022\/03\/Radiofrequencia-Clinica-Solaris-Medicina-e-Estetica-Udi-Lion-170x170.jpg 170w, https:\/\/solarisclinicaudi.com.br\/wp-content\/uploads\/2022\/03\/Radiofrequencia-Clinica-Solaris-Medicina-e-Estetica-Udi-Lion-150x150.jpg 150w, https:\/\/solarisclinicaudi.com.br\/wp-content\/uploads\/2022\/03\/Radiofrequencia-Clinica-Solaris-Medicina-e-Estetica-Udi-Lion-410x410.jpg 410w\" sizes=\"(max-width: 850px) 100vw, 850px\" \/><\/a><\/div><div class=\"features-box-content\"><a href=\"https:\/\/solarisclinicaudi.com.br\/index.php\/radiofrequencia\/\" target=\"_self\" ><h3 class=\"title\">Radiofrequ\u00eancia<\/h3><\/a><\/div>\n                                <\/div>\n                            <\/div>\n                                                    <div class=\"item\">\n                                <div class=\"item-inner-features style2\">\n\n                                    <div class=\"features-box-image img\"><a href=\"https:\/\/solarisclinicaudi.com.br\/index.php\/rejuvenescimento\/\" target=\"_self\" ><img loading=\"lazy\" decoding=\"async\" width=\"850\" height=\"850\" src=\"https:\/\/solarisclinicaudi.com.br\/wp-content\/uploads\/2022\/03\/Rejuvenescimento-Clinica-Solaris-Medicina-e-Estetica-Udi-Lion-850x850.jpg\" class=\"attachment-oworganic-shop-large size-oworganic-shop-large wp-image-3009\" alt=\"Rejuvenescimento - Cl\u00ednica Solaris - Medicina e Est\u00e9tica\" srcset=\"https:\/\/solarisclinicaudi.com.br\/wp-content\/uploads\/2022\/03\/Rejuvenescimento-Clinica-Solaris-Medicina-e-Estetica-Udi-Lion-850x850.jpg 850w, https:\/\/solarisclinicaudi.com.br\/wp-content\/uploads\/2022\/03\/Rejuvenescimento-Clinica-Solaris-Medicina-e-Estetica-Udi-Lion-300x300.jpg 300w, https:\/\/solarisclinicaudi.com.br\/wp-content\/uploads\/2022\/03\/Rejuvenescimento-Clinica-Solaris-Medicina-e-Estetica-Udi-Lion-170x170.jpg 170w, https:\/\/solarisclinicaudi.com.br\/wp-content\/uploads\/2022\/03\/Rejuvenescimento-Clinica-Solaris-Medicina-e-Estetica-Udi-Lion-150x150.jpg 150w, https:\/\/solarisclinicaudi.com.br\/wp-content\/uploads\/2022\/03\/Rejuvenescimento-Clinica-Solaris-Medicina-e-Estetica-Udi-Lion-410x410.jpg 410w\" sizes=\"(max-width: 850px) 100vw, 850px\" \/><\/a><\/div><div class=\"features-box-content\"><a href=\"https:\/\/solarisclinicaudi.com.br\/index.php\/rejuvenescimento\/\" target=\"_self\" ><h3 class=\"title\">Rejuvenescimento<\/h3><\/a><\/div>\n                                <\/div>\n                            <\/div>\n                                            <\/div>\n                            <\/div>\n            \t\t\t\t<\/div>\n\t\t\t\t<\/div>\n\t\t\t\t<div class=\"elementor-element elementor-element-4f525666 elementor-widget elementor-widget-spacer\" data-id=\"4f525666\" data-element_type=\"widget\" data-e-type=\"widget\" data-widget_type=\"spacer.default\">\n\t\t\t\t<div class=\"elementor-widget-container\">\n\t\t\t\t\t\t\t<div class=\"elementor-spacer\">\n\t\t\t<div class=\"elementor-spacer-inner\"><\/div>\n\t\t<\/div>\n\t\t\t\t\t\t<\/div>\n\t\t\t\t<\/div>\n\t\t\t\t\t<\/div>\n\t\t<\/div>\n\t\t\t\t\t<\/div>\n\t\t<\/section>\n\t\t\t\t<section class=\"elementor-section elementor-top-section elementor-element elementor-element-45917259 elementor-section-stretched elementor-section-boxed elementor-section-height-default elementor-section-height-default\" data-id=\"45917259\" data-element_type=\"section\" data-e-type=\"section\" data-settings=\"{&quot;stretch_section&quot;:&quot;section-stretched&quot;,&quot;background_background&quot;:&quot;classic&quot;}\">\n\t\t\t\t\t\t<div class=\"elementor-container elementor-column-gap-extended\">\n\t\t\t\t\t<div class=\"elementor-column elementor-col-100 elementor-top-column elementor-element elementor-element-17134082 animated-fast elementor-invisible\" data-id=\"17134082\" data-element_type=\"column\" data-e-type=\"column\" data-settings=\"{&quot;animation&quot;:&quot;fadeInUp&quot;}\">\n\t\t\t<div class=\"elementor-widget-wrap elementor-element-populated\">\n\t\t\t\t\t\t<section class=\"elementor-section elementor-inner-section elementor-element elementor-element-39eb8e5 elementor-section-boxed elementor-section-height-default elementor-section-height-default\" data-id=\"39eb8e5\" data-element_type=\"section\" data-e-type=\"section\">\n\t\t\t\t\t\t<div class=\"elementor-container elementor-column-gap-default\">\n\t\t\t\t\t<div class=\"elementor-column elementor-col-50 elementor-inner-column elementor-element elementor-element-536d590f\" data-id=\"536d590f\" data-element_type=\"column\" data-e-type=\"column\">\n\t\t\t<div class=\"elementor-widget-wrap elementor-element-populated\">\n\t\t\t\t\t\t<div class=\"elementor-element elementor-element-38a8d548 elementor-view-default elementor-position-block-start elementor-mobile-position-block-start elementor-widget elementor-widget-icon-box\" data-id=\"38a8d548\" data-element_type=\"widget\" data-e-type=\"widget\" data-widget_type=\"icon-box.default\">\n\t\t\t\t<div class=\"elementor-widget-container\">\n\t\t\t\t\t\t\t<div class=\"elementor-icon-box-wrapper\">\n\n\t\t\t\t\t\t<div class=\"elementor-icon-box-icon\">\n\t\t\t\t<span  class=\"elementor-icon\">\n\t\t\t\t<i aria-hidden=\"true\" class=\"far fa-comments\"><\/i>\t\t\t\t<\/span>\n\t\t\t<\/div>\n\t\t\t\n\t\t\t\t\t\t<div class=\"elementor-icon-box-content\">\n\n\t\t\t\t\t\t\t\t\t<h3 class=\"elementor-icon-box-title\">\n\t\t\t\t\t\t<span  >\n\t\t\t\t\t\t\tEntre em contato conosco e agende uma visita!\t\t\t\t\t\t<\/span>\n\t\t\t\t\t<\/h3>\n\t\t\t\t\n\t\t\t\t\n\t\t\t<\/div>\n\t\t\t\n\t\t<\/div>\n\t\t\t\t\t\t<\/div>\n\t\t\t\t<\/div>\n\t\t\t\t\t<\/div>\n\t\t<\/div>\n\t\t\t\t<div class=\"elementor-column elementor-col-50 elementor-inner-column elementor-element elementor-element-110dac69\" data-id=\"110dac69\" data-element_type=\"column\" data-e-type=\"column\">\n\t\t\t<div class=\"elementor-widget-wrap elementor-element-populated\">\n\t\t\t\t\t\t<div class=\"elementor-element elementor-element-39c9380b elementor-align-center elementor-widget elementor-widget-button\" data-id=\"39c9380b\" data-element_type=\"widget\" data-e-type=\"widget\" data-widget_type=\"button.default\">\n\t\t\t\t<div class=\"elementor-widget-container\">\n\t\t\t\t\t\t\t\t\t<div class=\"elementor-button-wrapper\">\n\t\t\t\t\t<a class=\"elementor-button elementor-button-link elementor-size-xl\" href=\"https:\/\/api.whatsapp.com\/send?phone=5534998554236&#038;text=Ol%C3%A1%20estou%20no%20site%20da%20Cl%C3%ADnica%20Solaris%20e%20gostaria%20de%20maiores%20informa%C3%A7%C3%B5es...\" target=\"_blank\">\n\t\t\t\t\t\t<span class=\"elementor-button-content-wrapper\">\n\t\t\t\t\t\t<span class=\"elementor-button-icon\">\n\t\t\t\t<i aria-hidden=\"true\" class=\"fab fa-whatsapp\"><\/i>\t\t\t<\/span>\n\t\t\t\t\t\t\t\t\t<span class=\"elementor-button-text\">Fale Conosco  ...<\/span>\n\t\t\t\t\t<\/span>\n\t\t\t\t\t<\/a>\n\t\t\t\t<\/div>\n\t\t\t\t\t\t\t\t<\/div>\n\t\t\t\t<\/div>\n\t\t\t\t\t<\/div>\n\t\t<\/div>\n\t\t\t\t\t<\/div>\n\t\t<\/section>\n\t\t\t\t\t<\/div>\n\t\t<\/div>\n\t\t\t\t\t<\/div>\n\t\t<\/section>\n\t\t\t\t<\/div>\n\t\t","protected":false},"excerpt":{"rendered":"<p>Depila\u00e7\u00e3o a Laser cl\u00ednica solaris medicina e est\u00e9tica Depila\u00e7\u00e3o a Laser Depila\u00e7\u00e3o a laser \u00e9 um tratamento est\u00e9tico que utiliza feixes de laser para remover os pelos indesejados, impedindo que, em um espa\u00e7o maior de tempo, os fol\u00edculos produzam novos fios e resultando em uma pele mais lisa e bonita. \u00c9 indicada para pessoas com &hellip; <br \/><a href=\"https:\/\/solarisclinicaudi.com.br\/index.php\/depilacao-a-laser-face\/\" class=\"more-link\">Continuar<\/a><\/p>\n","protected":false},"author":1,"featured_media":2982,"parent":0,"menu_order":0,"comment_status":"closed","ping_status":"closed","template":"","meta":{"om_disable_all_campaigns":false,"_monsterinsights_skip_tracking":false,"_monsterinsights_sitenote_active":false,"_monsterinsights_sitenote_note":"","_monsterinsights_sitenote_category":0,"footnotes":""},"class_list":["post-3265","page","type-page","status-publish","has-post-thumbnail","hentry"],"aioseo_notices":[],"_links":{"self":[{"href":"https:\/\/solarisclinicaudi.com.br\/index.php\/wp-json\/wp\/v2\/pages\/3265","targetHints":{"allow":["GET"]}}],"collection":[{"href":"https:\/\/solarisclinicaudi.com.br\/index.php\/wp-json\/wp\/v2\/pages"}],"about":[{"href":"https:\/\/solarisclinicaudi.com.br\/index.php\/wp-json\/wp\/v2\/types\/page"}],"author":[{"embeddable":true,"href":"https:\/\/solarisclinicaudi.com.br\/index.php\/wp-json\/wp\/v2\/users\/1"}],"replies":[{"embeddable":true,"href":"https:\/\/solarisclinicaudi.com.br\/index.php\/wp-json\/wp\/v2\/comments?post=3265"}],"version-history":[{"count":13,"href":"https:\/\/solarisclinicaudi.com.br\/index.php\/wp-json\/wp\/v2\/pages\/3265\/revisions"}],"predecessor-version":[{"id":3484,"href":"https:\/\/solarisclinicaudi.com.br\/index.php\/wp-json\/wp\/v2\/pages\/3265\/revisions\/3484"}],"wp:featuredmedia":[{"embeddable":true,"href":"https:\/\/solarisclinicaudi.com.br\/index.php\/wp-json\/wp\/v2\/media\/2982"}],"wp:attachment":[{"href":"https:\/\/solarisclinicaudi.com.br\/index.php\/wp-json\/wp\/v2\/media?parent=3265"}],"curies":[{"name":"wp","href":"https:\/\/api.w.org\/{rel}","templated":true}]}}